
{"id":22417,"date":"2014-02-02T20:34:13","date_gmt":"2014-02-02T20:34:13","guid":{"rendered":"https:\/\/surfbox.de\/?page_id=12417"},"modified":"2018-11-22T08:01:19","modified_gmt":"2018-11-22T07:01:19","slug":"home","status":"publish","type":"page","link":"https:\/\/surfbox.de\/es\/","title":{"rendered":"cajas de techo"},"content":{"rendered":"<p>[vc_row][vc_column]<aside class=\"gap cf\" style=\"height:40px;\"><\/aside>[\/vc_column][\/vc_row][vc_row][vc_column]<aside class=\"gap cf\" style=\"height:30px;\"><\/aside>[\/vc_column][\/vc_row][vc_row][vc_column]<aside class=\"gap cf\" style=\"height:40px;\"><\/aside><aside class=\"styled_header\"><h5>Cajas de techo de Box2000 ideal para esquiar, golf y cometas<\/h5><h6>Cajas de techo premium actual<\/h6><span class=\"icon\"><img src=\"https:\/\/surfbox.de\/wp-content\/uploads\/2014\/02\/best-sellers.png\" alt=\"Cajas de techo premium actual\" \/><\/span><\/aside>[\/vc_column][\/vc_row][vc_row][vc_column]\t   \n\t\t \n\t\t\t\t\t<div class=\"products row four-columns\" data-equal=\">.product\">\n\t\t\n\t\t\t\t\t\n\t\t\t\t\n<article itemscope class=\"post four mobile-two columns post-59818 product type-product status-publish has-post-thumbnail hentry product_cat-portaequipajes product_cat-portaequipajes-de-esqui product_tag-portaequipajes-de-esqui product_tag-dachbox-es product_shipping_class-big-surfbox-es pa_abschliessbar-si-es pa_befestigung-variable-es pa_eignung-conveniente-para-todos-los-vehiculos-y-los-sistemas-del-vehiculo pa_farbe-alto-brillo-gris pa_farbe-alto-brillo-negro pa_farbe-plata-brillo pa_farbe-alto-brillo-blanco pa_gasdruckdaempfer-2x-es pa_material-fibra-de-vidrio pa_tragkraft-150-kg-es pa_volumen-1500-es\">\n  \n      \n        <figure class=\"fade\">\n\n          <span class=\"badge onsale\">\u00a1Oferta!<\/span>\n            <a href=\"https:\/\/surfbox.de\/es\/cofres-portaequipajes-shop\/portaequipajes\/portaequipajes-de-esqui\/jumbo-xl-transportbox-1500l\/\">\n\n              <div class=\"product-image\"><img width=\"428\" height=\"244\" src=\"https:\/\/surfbox.de\/wp-content\/uploads\/2014\/05\/dachbox_mobila-327-428x244.jpg\" class=\"attachment-shop_catalog size-shop_catalog\" alt=\"\" loading=\"lazy\" \/><\/div><div class=\"product-image\"><img width=\"428\" height=\"244\" src=\"https:\/\/surfbox.de\/wp-content\/uploads\/2014\/05\/dachbox_mobila-327-1-428x244.jpg\" class=\"attachment-shop_catalog size-shop_catalog\" alt=\"\" loading=\"lazy\" title=\"SONY DSC\" srcset=\"https:\/\/surfbox.de\/wp-content\/uploads\/2014\/05\/dachbox_mobila-327-1-428x244.jpg 428w, https:\/\/surfbox.de\/wp-content\/uploads\/2014\/05\/dachbox_mobila-327-1-570x325.jpg 570w\" sizes=\"(max-width: 428px) 100vw, 428px\" \/><\/div>            <\/a>\n            <div class=\"quick-view\" data-id=\"59818\"><i class=\"fa fa-search\"><\/i><\/div>\n        <\/figure>\n\n        <div class=\"post-title\">\n          <aside class=\"post_categories\"><a href=\"https:\/\/surfbox.de\/es\/p\/portaequipajes\/\" rel=\"tag\">Portaequipajes<\/a>, <a href=\"https:\/\/surfbox.de\/es\/p\/portaequipajes\/portaequipajes-de-esqui\/\" rel=\"tag\">Portaequipajes de esqu\u00ed<\/a><\/aside>            <h3><a href=\"https:\/\/surfbox.de\/es\/cofres-portaequipajes-shop\/portaequipajes\/portaequipajes-de-esqui\/jumbo-xl-transportbox-1500l\/\">JUMBO XL Transportbox 1500L<\/a><\/h3>\n          <h4>Edelstahl Beschl\u00e4ge<\/h4><center><small>masa 290 &times; 120 &times; 45 cm<\/small><\/center><center><small>1500 litro<\/small><\/center>            <div class=\"shop-buttons\">\n              \t\t\t<input type=\"hidden\" class=\"wpmProductId\" data-id=\"59818\">\n\t\t\t\t\t<script>\n\t\t\t(window.wpmDataLayer = window.wpmDataLayer || {}).products             = window.wpmDataLayer.products || {}\n\t\t\twindow.wpmDataLayer.products[59818] = {\"id\":\"59818\",\"sku\":\"20001\",\"price\":1899,\"brand\":\"\",\"quantity\":1,\"dyn_r_ids\":{\"post_id\":\"59818\",\"sku\":\"20001\",\"gpf\":\"woocommerce_gpf_59818\",\"gla\":\"gla_59818\"},\"isVariable\":true,\"name\":\"JUMBO XL Transportbox 1500L\",\"category\":[\"Portaequipajes\",\"Portaequipajes de esqu\u00ed\"],\"isVariation\":false};\n\t\t\t\t\twindow.wpmDataLayer.products[59818]['position'] = window.wpmDataLayer.position++\n\t\t\t\t<\/script>\n\t\t            <\/div>\n        <\/div>\n    <\/article><!-- end product -->\t\t\n\t\t\t\t\t\n\t\t\t\t\n<article itemscope class=\"post four mobile-two columns post-22437 product type-product status-publish has-post-thumbnail hentry product_cat-portaequipajes product_cat-portaequipajes-de-esqui product_shipping_class-dachbox-es pa_abschliessbar-si-es pa_befestigung-variable-es pa_eignung-conveniente-para-todos-los-vehiculos-y-los-sistemas-del-vehiculo pa_farbe-alto-brillo-gris pa_farbe-alto-brillo-negro pa_farbe-plata-brillo pa_farbe-alto-brillo-blanco pa_gasdruckdaempfer-2x-es pa_material-fibra-de-vidrio pa_tragkraft-95-kg-es pa_volumen-600-l-es\">\n  \n      \n        <figure class=\"fade\">\n\n          <span class=\"badge onsale\">\u00a1Oferta!<\/span>\n            <a href=\"https:\/\/surfbox.de\/es\/cofres-portaequipajes-shop\/portaequipajes\/portaequipajes-de-esqui\/caja-de-techo-moby-dick-accion-todo-incluido\/\">\n\n              <div class=\"product-image\"><img width=\"428\" height=\"244\" src=\"https:\/\/surfbox.de\/wp-content\/uploads\/2014\/05\/dachbox_moby_dick_schwarz_K1024_DSC02710-1-428x244.jpg\" class=\"attachment-shop_catalog size-shop_catalog\" alt=\"\" loading=\"lazy\" srcset=\"https:\/\/surfbox.de\/wp-content\/uploads\/2014\/05\/dachbox_moby_dick_schwarz_K1024_DSC02710-1-428x244.jpg 428w, https:\/\/surfbox.de\/wp-content\/uploads\/2014\/05\/dachbox_moby_dick_schwarz_K1024_DSC02710-1-570x325.jpg 570w\" sizes=\"(max-width: 428px) 100vw, 428px\" \/><\/div><div class=\"product-image\"><img width=\"428\" height=\"244\" src=\"https:\/\/surfbox.de\/wp-content\/uploads\/2014\/05\/dachbox_moby_dick_schwarz_K1024_DSC02710-428x244.jpg\" class=\"attachment-shop_catalog size-shop_catalog\" alt=\"\" loading=\"lazy\" title=\"Dachbox_Moby_dickSONY DSC\" \/><\/div>            <\/a>\n            <div class=\"quick-view\" data-id=\"22437\"><i class=\"fa fa-search\"><\/i><\/div>\n        <\/figure>\n\n        <div class=\"post-title\">\n          <aside class=\"post_categories\"><a href=\"https:\/\/surfbox.de\/es\/p\/portaequipajes\/\" rel=\"tag\">Portaequipajes<\/a>, <a href=\"https:\/\/surfbox.de\/es\/p\/portaequipajes\/portaequipajes-de-esqui\/\" rel=\"tag\">Portaequipajes de esqu\u00ed<\/a><\/aside>            <h3><a href=\"https:\/\/surfbox.de\/es\/cofres-portaequipajes-shop\/portaequipajes\/portaequipajes-de-esqui\/caja-de-techo-moby-dick-accion-todo-incluido\/\">Portaequipajes Moby Dick \u00abAcci\u00f3n todo incluido\u00bb<\/a><\/h3>\n          <h4>dise\u00f1o + fibra de vidrio + acero inoxidable de hasta 200 km \/ h probado DEKRA<\/h4><center><small>masa 210 &times; 90 &times; 40 cm<\/small><\/center><center><small>600 L litro<\/small><\/center>            <div class=\"shop-buttons\">\n              \t\t\t<input type=\"hidden\" class=\"wpmProductId\" data-id=\"22437\">\n\t\t\t\t\t<script>\n\t\t\t(window.wpmDataLayer = window.wpmDataLayer || {}).products             = window.wpmDataLayer.products || {}\n\t\t\twindow.wpmDataLayer.products[22437] = {\"id\":\"22437\",\"sku\":\"100210\",\"price\":879,\"brand\":\"\",\"quantity\":1,\"dyn_r_ids\":{\"post_id\":\"22437\",\"sku\":\"100210\",\"gpf\":\"woocommerce_gpf_22437\",\"gla\":\"gla_22437\"},\"isVariable\":true,\"name\":\"Portaequipajes Moby Dick \\\"Acci\u00f3n todo incluido\\\"\",\"category\":[\"Portaequipajes\",\"Portaequipajes de esqu\u00ed\"],\"isVariation\":false};\n\t\t\t\t\twindow.wpmDataLayer.products[22437]['position'] = window.wpmDataLayer.position++\n\t\t\t\t<\/script>\n\t\t            <\/div>\n        <\/div>\n    <\/article><!-- end product -->\t\t\n\t\t\t\t\t\n\t\t\t\t\n<article itemscope class=\"post four mobile-two columns post-23323 product type-product status-publish has-post-thumbnail hentry product_cat-portaequipajes product_cat-portaequipajes-de-esqui product_shipping_class-dachbox-es pa_abschliessbar-si-es pa_befestigung-variable-es pa_eignung-conveniente-para-todos-los-vehiculos-y-los-sistemas-del-vehiculo pa_farbe-alto-brillo-gris pa_farbe-alto-brillo-negro pa_farbe-plata-brillo pa_farbe-alto-brillo-blanco pa_gasdruckdaempfer-2x-es pa_material-fibra-de-vidrio pa_tragkraft-95-kg-es\">\n  \n      \n        <figure class=\"fade\">\n\n          <span class=\"badge onsale\">\u00a1Oferta!<\/span>\n            <a href=\"https:\/\/surfbox.de\/es\/cofres-portaequipajes-shop\/portaequipajes\/portaequipajes-de-esqui\/portaequipajes-moby-dick-xl-en-un-diseno-sofisticado\/\">\n\n              <div class=\"product-image\"><img width=\"428\" height=\"244\" src=\"https:\/\/surfbox.de\/wp-content\/uploads\/2024\/01\/cc144a31-11c0-409b-9b73-9aa49811af3b-428x244.jpg\" class=\"attachment-shop_catalog size-shop_catalog\" alt=\"MD XL auf Tesla\" loading=\"lazy\" srcset=\"https:\/\/surfbox.de\/wp-content\/uploads\/2024\/01\/cc144a31-11c0-409b-9b73-9aa49811af3b-428x244.jpg 428w, https:\/\/surfbox.de\/wp-content\/uploads\/2024\/01\/cc144a31-11c0-409b-9b73-9aa49811af3b-570x325.jpg 570w\" sizes=\"(max-width: 428px) 100vw, 428px\" \/><\/div><div class=\"product-image\"><img width=\"428\" height=\"244\" src=\"https:\/\/surfbox.de\/wp-content\/uploads\/2014\/05\/moby-dick-silber-offen-ausschnitt-428x244.jpg\" class=\"attachment-shop_catalog size-shop_catalog\" alt=\"\" loading=\"lazy\" title=\"moby-dick-silber-offen-ausschnitt\" srcset=\"https:\/\/surfbox.de\/wp-content\/uploads\/2014\/05\/moby-dick-silber-offen-ausschnitt-428x244.jpg 428w, https:\/\/surfbox.de\/wp-content\/uploads\/2014\/05\/moby-dick-silber-offen-ausschnitt-570x325.jpg 570w, https:\/\/surfbox.de\/wp-content\/uploads\/2014\/05\/moby-dick-silber-offen-ausschnitt-270x153.jpg 270w, https:\/\/surfbox.de\/wp-content\/uploads\/2014\/05\/moby-dick-silber-offen-ausschnitt.jpg 1140w\" sizes=\"(max-width: 428px) 100vw, 428px\" \/><\/div>            <\/a>\n            <div class=\"quick-view\" data-id=\"23323\"><i class=\"fa fa-search\"><\/i><\/div>\n        <\/figure>\n\n        <div class=\"post-title\">\n          <aside class=\"post_categories\"><a href=\"https:\/\/surfbox.de\/es\/p\/portaequipajes\/\" rel=\"tag\">Portaequipajes<\/a>, <a href=\"https:\/\/surfbox.de\/es\/p\/portaequipajes\/portaequipajes-de-esqui\/\" rel=\"tag\">Portaequipajes de esqu\u00ed<\/a><\/aside>            <h3><a href=\"https:\/\/surfbox.de\/es\/cofres-portaequipajes-shop\/portaequipajes\/portaequipajes-de-esqui\/portaequipajes-moby-dick-xl-en-un-diseno-sofisticado\/\">Portaequipajes Moby Dick XL en un dise\u00f1o sofisticado ideal para TESLA<\/a><\/h3>\n          <h4>dise\u00f1o + fibra de vidrio + acero inoxidable de hasta 200 km \/ h probado DEKRA<\/h4><center><small>masa 225 &times; 90 &times; 40 cm<\/small><\/center>            <div class=\"shop-buttons\">\n              \t\t\t<input type=\"hidden\" class=\"wpmProductId\" data-id=\"23323\">\n\t\t\t\t\t<script>\n\t\t\t(window.wpmDataLayer = window.wpmDataLayer || {}).products             = window.wpmDataLayer.products || {}\n\t\t\twindow.wpmDataLayer.products[23323] = {\"id\":\"23323\",\"sku\":\"100225\",\"price\":925,\"brand\":\"\",\"quantity\":1,\"dyn_r_ids\":{\"post_id\":\"23323\",\"sku\":\"100225\",\"gpf\":\"woocommerce_gpf_23323\",\"gla\":\"gla_23323\"},\"isVariable\":true,\"name\":\"Portaequipajes Moby Dick XL en un dise\u00f1o sofisticado ideal para TESLA\",\"category\":[\"Portaequipajes\",\"Portaequipajes de esqu\u00ed\"],\"isVariation\":false};\n\t\t\t\t\twindow.wpmDataLayer.products[23323]['position'] = window.wpmDataLayer.position++\n\t\t\t\t<\/script>\n\t\t            <\/div>\n        <\/div>\n    <\/article><!-- end product -->\t\t\n\t\t\t\t\t\n\t\t\t\t\n<article itemscope class=\"post four mobile-two columns post-23336 product type-product status-publish has-post-thumbnail hentry product_cat-portaequipajes product_cat-portaequipajes-de-esqui product_shipping_class-dachbox-es pa_abschliessbar-si-es pa_befestigung-variable-es pa_eignung-conveniente-para-todos-los-vehiculos-y-los-sistemas-del-vehiculo pa_farbe-alto-brillo-gris pa_farbe-alto-brillo-negro pa_farbe-plata-brillo pa_farbe-alto-brillo-blanco pa_gasdruckdaempfer-2x-es pa_material-fibra-de-vidrio pa_tragkraft-95-kg-es pa_volumen-800-l-es\">\n  \n      \n        <figure class=\"fade\">\n\n          <span class=\"badge onsale\">\u00a1Oferta!<\/span>\n            <a href=\"https:\/\/surfbox.de\/es\/cofres-portaequipajes-shop\/portaequipajes\/portaequipajes-de-esqui\/portaequipajes-beluga-xxl-en-tecnologia-de-fibra-de-vidrio\/\">\n\n              <div class=\"product-image\"><img width=\"428\" height=\"244\" src=\"https:\/\/surfbox.de\/wp-content\/uploads\/2014\/05\/beluga-mercedes-m-rechts-ganz-2-428x244.jpg\" class=\"attachment-shop_catalog size-shop_catalog\" alt=\"\" loading=\"lazy\" srcset=\"https:\/\/surfbox.de\/wp-content\/uploads\/2014\/05\/beluga-mercedes-m-rechts-ganz-2-428x244.jpg 428w, https:\/\/surfbox.de\/wp-content\/uploads\/2014\/05\/beluga-mercedes-m-rechts-ganz-2-270x154.jpg 270w, https:\/\/surfbox.de\/wp-content\/uploads\/2014\/05\/beluga-mercedes-m-rechts-ganz-2-552x315.jpg 552w, https:\/\/surfbox.de\/wp-content\/uploads\/2014\/05\/beluga-mercedes-m-rechts-ganz-2-768x438.jpg 768w, https:\/\/surfbox.de\/wp-content\/uploads\/2014\/05\/beluga-mercedes-m-rechts-ganz-2-1024x584.jpg 1024w, https:\/\/surfbox.de\/wp-content\/uploads\/2014\/05\/beluga-mercedes-m-rechts-ganz-2-570x325.jpg 570w, https:\/\/surfbox.de\/wp-content\/uploads\/2014\/05\/beluga-mercedes-m-rechts-ganz-2.jpg 1140w\" sizes=\"(max-width: 428px) 100vw, 428px\" \/><\/div><div class=\"product-image\"><img width=\"428\" height=\"244\" src=\"https:\/\/surfbox.de\/wp-content\/uploads\/2014\/05\/dachbox_2000_mobila_skibox-119-428x244.jpg\" class=\"attachment-shop_catalog size-shop_catalog\" alt=\"\" loading=\"lazy\" title=\"Dachbox_Beluga\" \/><\/div>            <\/a>\n            <div class=\"quick-view\" data-id=\"23336\"><i class=\"fa fa-search\"><\/i><\/div>\n        <\/figure>\n\n        <div class=\"post-title\">\n          <aside class=\"post_categories\"><a href=\"https:\/\/surfbox.de\/es\/p\/portaequipajes\/\" rel=\"tag\">Portaequipajes<\/a>, <a href=\"https:\/\/surfbox.de\/es\/p\/portaequipajes\/portaequipajes-de-esqui\/\" rel=\"tag\">Portaequipajes de esqu\u00ed<\/a><\/aside>            <h3><a href=\"https:\/\/surfbox.de\/es\/cofres-portaequipajes-shop\/portaequipajes\/portaequipajes-de-esqui\/portaequipajes-beluga-xxl-en-tecnologia-de-fibra-de-vidrio\/\">Portaequipajes Beluga XXL en tecnolog\u00eda de fibra de vidrio<\/a><\/h3>\n          <h4>dise\u00f1o + fibra de vidrio + acero inoxidable de hasta 200 km \/ h probado DEKRA<\/h4><center><small>masa 228 &times; 90 &times; 46 cm<\/small><\/center><center><small>800 L litro<\/small><\/center>            <div class=\"shop-buttons\">\n              \t\t\t<input type=\"hidden\" class=\"wpmProductId\" data-id=\"23336\">\n\t\t\t\t\t<script>\n\t\t\t(window.wpmDataLayer = window.wpmDataLayer || {}).products             = window.wpmDataLayer.products || {}\n\t\t\twindow.wpmDataLayer.products[23336] = {\"id\":\"23336\",\"sku\":\"20001\",\"price\":935,\"brand\":\"\",\"quantity\":1,\"dyn_r_ids\":{\"post_id\":\"23336\",\"sku\":\"20001\",\"gpf\":\"woocommerce_gpf_23336\",\"gla\":\"gla_23336\"},\"isVariable\":true,\"name\":\"Portaequipajes Beluga XXL en tecnolog\u00eda de fibra de vidrio\",\"category\":[\"Portaequipajes\",\"Portaequipajes de esqu\u00ed\"],\"isVariation\":false};\n\t\t\t\t\twindow.wpmDataLayer.products[23336]['position'] = window.wpmDataLayer.position++\n\t\t\t\t<\/script>\n\t\t            <\/div>\n        <\/div>\n    <\/article><!-- end product -->\t\t\n\t\t\t\t\t \n\t\t<\/div>\n\t\t\n\t\t\t   \n\t[\/vc_column][\/vc_row][vc_row][vc_column]<aside class=\"gap cf\" style=\"height:15px;\"><\/aside>[\/vc_column][\/vc_row][vc_row][vc_column width=\u00bb1\/2&#8243; animation=\u00bbanimation left-to-right\u00bb]<aside class=\"banner  type4 \" style=\"border-color:; min-height:192px; background:  url(https:\/\/surfbox.de\/wp-content\/uploads\/2014\/02\/banner_meer_entw.jpg); padding:25px;\" >\n  \t<div class=\"divcontent\"><\/p>\n<h1 style=\"font-weight: bold; font-size: 30px;\"><span style=\"color: #ffffff;\">Para los surfistas<\/span><\/h1>\n<p><a class=\"btn white small \" href=\"\/es\/p\/portaequipajes\/portaequipajes-para-surfistas\/\"  role=\"button\">Bastidores de techo para surfistas<\/a><\/div><div class=\"divstyle\" style=\"border-color:;\"><\/div><\/aside><aside class=\"gap cf\" style=\"height:25px;\"><\/aside>[\/vc_column][vc_column width=\u00bb1\/2&#8243; animation=\u00bbanimation right-to-left\u00bb]<aside class=\"banner  type4 \" style=\"border-color:; min-height:192px; background: #eeee22 url(https:\/\/surfbox.de\/wp-content\/uploads\/2014\/05\/meer.jpg); padding:25px;\" >\n  \t<div class=\"divcontent\"><\/p>\n<h1 style=\"font-weight: bold; font-size: 30px;\"><span style=\"color: #ffffff;\">Para el turista<\/span><\/h1>\n<p><a class=\"btn white small \" href=\"\/es\/p\/portaequipajes\/portaequipajes-de-esqui\/\"  role=\"button\">CAJAS DE TECHO PREMIUM<\/a><\/div><div class=\"divstyle\" style=\"border-color:;\"><\/div><\/aside><aside class=\"gap cf\" style=\"height:25px;\"><\/aside>[\/vc_column][\/vc_row][vc_row][vc_column]<aside class=\"gap cf\" style=\"height:40px;\"><\/aside><aside class=\"styled_header\"><h5>Con Surfline N\u00ba 1 en todo el mundo para las cajas de techo windsurf<\/h5><h6>Cajas de techo actual para los surfistas<\/h6><span class=\"icon\"><img src=\"https:\/\/surfbox.de\/wp-content\/uploads\/2014\/02\/best-sellers-2.png\" alt=\"Cajas de techo actual para los surfistas\" \/><\/span><\/aside>[\/vc_column][\/vc_row][vc_row][vc_column animation=\u00bbanimation fade-in\u00bb]\t   \n\t\t \n\t\t\t\t\t<div class=\"products row four-columns\" data-equal=\">.product\">\n\t\t\n\t\t\t\t\t\n\t\t\t\t\n<article itemscope class=\"post four mobile-two columns post-23060 product type-product status-publish has-post-thumbnail hentry product_cat-portaequipajes-para-surfistas product_shipping_class-portaequipajes-para-surfistas pa_abschliessbar-si-es pa_befestigung-variable-es pa_eignung-conveniente-para-todos-los-vehiculos-y-los-sistemas-del-vehiculo pa_farbe-alto-brillo-gris pa_farbe-alto-brillo-negro pa_farbe-plata-brillo pa_farbe-alto-brillo-blanco pa_gasdruckdaempfer-2x-es pa_material-fibra-de-vidrio pa_tragkraft-130-kg-es pa_volumen-650-l-es\">\n  \n      \n        <figure class=\"fade\">\n\n          <span class=\"badge onsale\">\u00a1Oferta!<\/span>\n            <a href=\"https:\/\/surfbox.de\/es\/cofres-portaequipajes-shop\/portaequipajes\/portaequipajes-para-surfistas\/portaequipajes-malibu-xl-con-tabla-de-surf-en-la-cubierta\/\">\n\n              <div class=\"product-image\"><img width=\"428\" height=\"244\" src=\"https:\/\/surfbox.de\/wp-content\/uploads\/2014\/05\/IMG_4016-428x244.jpg\" class=\"attachment-shop_catalog size-shop_catalog\" alt=\"\" loading=\"lazy\" \/><\/div><div class=\"product-image\"><img width=\"428\" height=\"244\" src=\"https:\/\/surfbox.de\/wp-content\/uploads\/2014\/05\/Dachbox_Malibu-4-428x244.jpg\" class=\"attachment-shop_catalog size-shop_catalog\" alt=\"\" loading=\"lazy\" title=\"Dachbox_Malibu (4)\" \/><\/div>            <\/a>\n            <div class=\"quick-view\" data-id=\"23060\"><i class=\"fa fa-search\"><\/i><\/div>\n        <\/figure>\n\n        <div class=\"post-title\">\n          <aside class=\"post_categories\"><a href=\"https:\/\/surfbox.de\/es\/p\/portaequipajes\/portaequipajes-para-surfistas\/\" rel=\"tag\">Portaequipajes para surfistas<\/a><\/aside>            <h3><a href=\"https:\/\/surfbox.de\/es\/cofres-portaequipajes-shop\/portaequipajes\/portaequipajes-para-surfistas\/portaequipajes-malibu-xl-con-tabla-de-surf-en-la-cubierta\/\">Portaequipajes Malibu XL con tabla de surf en la cubierta<\/a><\/h3>\n          <h4>accesorios de acero inoxidable<\/h4><center><small>masa 285 &times; 72 &times; 38 cm<\/small><\/center><center><small>650 L litro<\/small><\/center>            <div class=\"shop-buttons\">\n              \t\t\t<input type=\"hidden\" class=\"wpmProductId\" data-id=\"23060\">\n\t\t\t\t\t<script>\n\t\t\t(window.wpmDataLayer = window.wpmDataLayer || {}).products             = window.wpmDataLayer.products || {}\n\t\t\twindow.wpmDataLayer.products[23060] = {\"id\":\"23060\",\"sku\":\"20004\",\"price\":1045,\"brand\":\"\",\"quantity\":1,\"dyn_r_ids\":{\"post_id\":\"23060\",\"sku\":\"20004\",\"gpf\":\"woocommerce_gpf_23060\",\"gla\":\"gla_23060\"},\"isVariable\":true,\"name\":\"Portaequipajes Malibu XL con tabla de surf en la cubierta\",\"category\":[\"Portaequipajes para surfistas\"],\"isVariation\":false};\n\t\t\t\t\twindow.wpmDataLayer.products[23060]['position'] = window.wpmDataLayer.position++\n\t\t\t\t<\/script>\n\t\t            <\/div>\n        <\/div>\n    <\/article><!-- end product -->\t\t\n\t\t\t\t\t\n\t\t\t\t\n<article itemscope class=\"post four mobile-two columns post-22442 product type-product status-publish has-post-thumbnail hentry product_cat-portaequipajes-para-surfistas product_shipping_class-portaequipajes-para-surfistas pa_abschliessbar-si-es pa_befestigung-variable-es pa_eignung-conveniente-para-todos-los-vehiculos-y-los-sistemas-del-vehiculo pa_farbe-alto-brillo-gris pa_farbe-alto-brillo-negro pa_farbe-plata-brillo pa_farbe-alto-brillo-blanco pa_gasdruckdaempfer-2x-es pa_material-fibra-de-vidrio pa_tragkraft-130-kg-es pa_volumen-580-l-es\">\n  \n      \n        <figure class=\"fade\">\n\n          <span class=\"badge onsale\">\u00a1Oferta!<\/span>\n            <a href=\"https:\/\/surfbox.de\/es\/cofres-portaequipajes-shop\/portaequipajes\/portaequipajes-para-surfistas\/malibu-sl-caja-de-techo-con\/\">\n\n              <div class=\"product-image\"><img width=\"428\" height=\"244\" src=\"https:\/\/surfbox.de\/wp-content\/uploads\/2014\/05\/Dachbox_Malibu-4-428x244.jpg\" class=\"attachment-shop_catalog size-shop_catalog\" alt=\"\" loading=\"lazy\" \/><\/div><div class=\"product-image\"><img width=\"428\" height=\"244\" src=\"https:\/\/surfbox.de\/wp-content\/uploads\/2014\/05\/Dachbox_Malibu-3-428x244.jpg\" class=\"attachment-shop_catalog size-shop_catalog\" alt=\"\" loading=\"lazy\" title=\"Dachbox_Malibu (3)\" \/><\/div>            <\/a>\n            <div class=\"quick-view\" data-id=\"22442\"><i class=\"fa fa-search\"><\/i><\/div>\n        <\/figure>\n\n        <div class=\"post-title\">\n          <aside class=\"post_categories\"><a href=\"https:\/\/surfbox.de\/es\/p\/portaequipajes\/portaequipajes-para-surfistas\/\" rel=\"tag\">Portaequipajes para surfistas<\/a><\/aside>            <h3><a href=\"https:\/\/surfbox.de\/es\/cofres-portaequipajes-shop\/portaequipajes\/portaequipajes-para-surfistas\/malibu-sl-caja-de-techo-con\/\">Portaequipajes Malibu SL con tabla de surf en la cubierta<\/a><\/h3>\n          <h4>accesorios de acero inoxidable<\/h4><center><small>masa 265 &times; 72 &times; 30 cm<\/small><\/center><center><small>580 L litro<\/small><\/center>            <div class=\"shop-buttons\">\n              \t\t\t<input type=\"hidden\" class=\"wpmProductId\" data-id=\"22442\">\n\t\t\t\t\t<script>\n\t\t\t(window.wpmDataLayer = window.wpmDataLayer || {}).products             = window.wpmDataLayer.products || {}\n\t\t\twindow.wpmDataLayer.products[22442] = {\"id\":\"22442\",\"sku\":\"20100\",\"price\":1025,\"brand\":\"\",\"quantity\":1,\"dyn_r_ids\":{\"post_id\":\"22442\",\"sku\":\"20100\",\"gpf\":\"woocommerce_gpf_22442\",\"gla\":\"gla_22442\"},\"isVariable\":true,\"name\":\"Portaequipajes Malibu SL con tabla de surf en la cubierta\",\"category\":[\"Portaequipajes para surfistas\"],\"isVariation\":false};\n\t\t\t\t\twindow.wpmDataLayer.products[22442]['position'] = window.wpmDataLayer.position++\n\t\t\t\t<\/script>\n\t\t            <\/div>\n        <\/div>\n    <\/article><!-- end product -->\t\t\n\t\t\t\t\t\n\t\t\t\t\n<article itemscope class=\"post four mobile-two columns post-23053 product type-product status-publish has-post-thumbnail hentry product_cat-portaequipajes-para-surfistas product_shipping_class-portaequipajes-para-surfistas pa_abschliessbar-si-es pa_befestigung-variable-es pa_eignung-conveniente-para-todos-los-vehiculos-y-los-sistemas-del-vehiculo pa_farbe-alto-brillo-gris pa_farbe-alto-brillo-negro pa_farbe-plata-brillo pa_farbe-alto-brillo-blanco pa_gasdruckdaempfer-2x-es pa_material-fibra-de-vidrio pa_tragkraft-130-kg-es pa_volumen-620-l-es\">\n  \n      \n        <figure class=\"fade\">\n\n          <span class=\"badge onsale\">\u00a1Oferta!<\/span>\n            <a href=\"https:\/\/surfbox.de\/es\/cofres-portaequipajes-shop\/portaequipajes\/portaequipajes-para-surfistas\/portaequipajes-malibu-con-tabla-de-surf-en-la-cubierta\/\">\n\n              <div class=\"product-image\"><img width=\"428\" height=\"244\" src=\"https:\/\/surfbox.de\/wp-content\/uploads\/2014\/05\/dachbox_mobila-327-1-428x244.jpg\" class=\"attachment-shop_catalog size-shop_catalog\" alt=\"\" loading=\"lazy\" srcset=\"https:\/\/surfbox.de\/wp-content\/uploads\/2014\/05\/dachbox_mobila-327-1-428x244.jpg 428w, https:\/\/surfbox.de\/wp-content\/uploads\/2014\/05\/dachbox_mobila-327-1-570x325.jpg 570w\" sizes=\"(max-width: 428px) 100vw, 428px\" \/><\/div><div class=\"product-image\"><img width=\"428\" height=\"244\" src=\"https:\/\/surfbox.de\/wp-content\/uploads\/2014\/05\/Dachbox_Malibu-428x244.jpg\" class=\"attachment-shop_catalog size-shop_catalog\" alt=\"\" loading=\"lazy\" title=\"Dachbox_Malibu\" \/><\/div>            <\/a>\n            <div class=\"quick-view\" data-id=\"23053\"><i class=\"fa fa-search\"><\/i><\/div>\n        <\/figure>\n\n        <div class=\"post-title\">\n          <aside class=\"post_categories\"><a href=\"https:\/\/surfbox.de\/es\/p\/portaequipajes\/portaequipajes-para-surfistas\/\" rel=\"tag\">Portaequipajes para surfistas<\/a><\/aside>            <h3><a href=\"https:\/\/surfbox.de\/es\/cofres-portaequipajes-shop\/portaequipajes\/portaequipajes-para-surfistas\/portaequipajes-malibu-con-tabla-de-surf-en-la-cubierta\/\">Portaequipajes Malibu con tabla de surf en la cubierta<\/a><\/h3>\n          <h4>accesorios de acero inoxidable<\/h4><center><small>masa 265 &times; 72 &times; 38 cm<\/small><\/center><center><small>620 L litro<\/small><\/center>            <div class=\"shop-buttons\">\n              \t\t\t<input type=\"hidden\" class=\"wpmProductId\" data-id=\"23053\">\n\t\t\t\t\t<script>\n\t\t\t(window.wpmDataLayer = window.wpmDataLayer || {}).products             = window.wpmDataLayer.products || {}\n\t\t\twindow.wpmDataLayer.products[23053] = {\"id\":\"23053\",\"sku\":\"201100\",\"price\":1035,\"brand\":\"\",\"quantity\":1,\"dyn_r_ids\":{\"post_id\":\"23053\",\"sku\":\"201100\",\"gpf\":\"woocommerce_gpf_23053\",\"gla\":\"gla_23053\"},\"isVariable\":true,\"name\":\"Portaequipajes Malibu con tabla de surf en la cubierta\",\"category\":[\"Portaequipajes para surfistas\"],\"isVariation\":false};\n\t\t\t\t\twindow.wpmDataLayer.products[23053]['position'] = window.wpmDataLayer.position++\n\t\t\t\t<\/script>\n\t\t            <\/div>\n        <\/div>\n    <\/article><!-- end product -->\t\t\n\t\t\t\t\t\n\t\t\t\t\n<article itemscope class=\"post four mobile-two columns post-23071 product type-product status-publish has-post-thumbnail hentry product_cat-portaequipajes-para-surfistas product_tag-portaequipajes-de-esqui product_tag-dachbox-es product_shipping_class-portaequipajes-para-surfistas pa_abschliessbar-si-es pa_befestigung-variable-es pa_eignung-conveniente-para-todos-los-vehiculos-y-los-sistemas-del-vehiculo pa_farbe-alto-brillo-gris pa_farbe-alto-brillo-negro pa_farbe-plata-brillo pa_farbe-alto-brillo-blanco pa_gasdruckdaempfer-2x-es pa_material-fibra-de-vidrio pa_tragkraft-130-kg-es pa_volumen-1000-l-es\">\n  \n      \n        <figure class=\"fade\">\n\n          <span class=\"badge onsale\">\u00a1Oferta!<\/span>\n            <a href=\"https:\/\/surfbox.de\/es\/cofres-portaequipajes-shop\/portaequipajes\/portaequipajes-para-surfistas\/portaequipajes-big-malibu-con-tabla-de-surf-en-la-cubierta\/\">\n\n              <div class=\"product-image\"><img width=\"428\" height=\"244\" src=\"https:\/\/surfbox.de\/wp-content\/uploads\/2014\/05\/SUV_Dachbox_bmw-x5-big-malibu-1-428x244.jpg\" class=\"attachment-shop_catalog size-shop_catalog\" alt=\"\" loading=\"lazy\" srcset=\"https:\/\/surfbox.de\/wp-content\/uploads\/2014\/05\/SUV_Dachbox_bmw-x5-big-malibu-1-428x244.jpg 428w, https:\/\/surfbox.de\/wp-content\/uploads\/2014\/05\/SUV_Dachbox_bmw-x5-big-malibu-1-570x325.jpg 570w\" sizes=\"(max-width: 428px) 100vw, 428px\" \/><\/div><div class=\"product-image\"><img width=\"428\" height=\"244\" src=\"https:\/\/surfbox.de\/wp-content\/uploads\/2014\/09\/SUV_Dachbox_bmw-x5-big-malibu-1-428x244.jpg\" class=\"attachment-shop_catalog size-shop_catalog\" alt=\"\" loading=\"lazy\" title=\"Dachbox von Mobila auf   SUV  bmw x5 big malibu  &#8211; &copy; surfbox.de\" \/><\/div>            <\/a>\n            <div class=\"quick-view\" data-id=\"23071\"><i class=\"fa fa-search\"><\/i><\/div>\n        <\/figure>\n\n        <div class=\"post-title\">\n          <aside class=\"post_categories\"><a href=\"https:\/\/surfbox.de\/es\/p\/portaequipajes\/portaequipajes-para-surfistas\/\" rel=\"tag\">Portaequipajes para surfistas<\/a><\/aside>            <h3><a href=\"https:\/\/surfbox.de\/es\/cofres-portaequipajes-shop\/portaequipajes\/portaequipajes-para-surfistas\/portaequipajes-big-malibu-con-tabla-de-surf-en-la-cubierta\/\">Portaequipajes Big-Malibu con tabla de surf en la cubierta<\/a><\/h3>\n          <h4>accesorios de acero inoxidable<\/h4><center><small>masa 265 &times; 90 &times; 44 cm<\/small><\/center><center><small>1000 L litro<\/small><\/center>            <div class=\"shop-buttons\">\n              \t\t\t<input type=\"hidden\" class=\"wpmProductId\" data-id=\"23071\">\n\t\t\t\t\t<script>\n\t\t\t(window.wpmDataLayer = window.wpmDataLayer || {}).products             = window.wpmDataLayer.products || {}\n\t\t\twindow.wpmDataLayer.products[23071] = {\"id\":\"23071\",\"sku\":\"20001\",\"price\":1185,\"brand\":\"\",\"quantity\":1,\"dyn_r_ids\":{\"post_id\":\"23071\",\"sku\":\"20001\",\"gpf\":\"woocommerce_gpf_23071\",\"gla\":\"gla_23071\"},\"isVariable\":true,\"name\":\"Portaequipajes Big-Malibu con tabla de surf en la cubierta\",\"category\":[\"Portaequipajes para surfistas\"],\"isVariation\":false};\n\t\t\t\t\twindow.wpmDataLayer.products[23071]['position'] = window.wpmDataLayer.position++\n\t\t\t\t<\/script>\n\t\t            <\/div>\n        <\/div>\n    <\/article><!-- end product -->\t\t\n\t\t\t\t\t \n\t\t<\/div>\n\t\t\n\t\t\t   \n\t[\/vc_column][\/vc_row][vc_row][vc_column]<aside class=\"gap cf\" style=\"height:15px;\"><\/aside>[\/vc_column][\/vc_row][vc_row][vc_column]<aside class=\"gap cf\" style=\"height:30px;\"><\/aside>[\/vc_column][\/vc_row]<\/p>\n","protected":false},"excerpt":{"rendered":"<p>[vc_row][vc_column][\/vc_column][\/vc_row][vc_row][vc_column][\/vc_column][\/vc_row][vc_row][vc_column][\/vc_column][\/vc_row][vc_row][vc_column][\/vc_column][\/vc_row][vc_row][vc_column][\/vc_column][\/vc_row][vc_row][vc_column width=\u00bb1\/2&#8243; animation=\u00bbanimation left-to-right\u00bb][\/vc_column][vc_column width=\u00bb1\/2&#8243; animation=\u00bbanimation right-to-left\u00bb][\/vc_column][\/vc_row][vc_row][vc_column][\/vc_column][\/vc_row][vc_row][vc_column animation=\u00bbanimation fade-in\u00bb][\/vc_column][\/vc_row][vc_row][vc_column][\/vc_column][\/vc_row][vc_row][vc_column][\/vc_column][\/vc_row]<\/p>\n","protected":false},"author":1,"featured_media":0,"parent":0,"menu_order":275,"comment_status":"closed","ping_status":"open","template":"","meta":[],"yoast_head":"<!-- This site is optimized with the Yoast SEO plugin v17.9 - https:\/\/yoast.com\/wordpress\/plugins\/seo\/ -->\n<title>Caja de techo Premium con 5 a\u00f1os de garant\u00eda<\/title>\n<meta name=\"description\" content=\"Encuentra cajas de techo de alta calidad, el t\u00fanel de viento a prueba y ahorro de consumo. Y m\u00e1s para acampar, el agua y los deportes de invierno. Calidad desde 1989a\" \/>\n<meta name=\"robots\" content=\"index, follow, max-snippet:-1, max-image-preview:large, max-video-preview:-1\" \/>\n<link rel=\"canonical\" href=\"https:\/\/surfbox.de\/es\/\" \/>\n<meta property=\"og:locale\" content=\"es_ES\" \/>\n<meta property=\"og:type\" content=\"article\" \/>\n<meta property=\"og:title\" content=\"Caja de techo Premium con 5 a\u00f1os de garant\u00eda\" \/>\n<meta property=\"og:description\" content=\"Encuentra cajas de techo de alta calidad, el t\u00fanel de viento a prueba y ahorro de consumo. Y m\u00e1s para acampar, el agua y los deportes de invierno. Calidad desde 1989a\" \/>\n<meta property=\"og:url\" content=\"https:\/\/surfbox.de\/es\/\" \/>\n<meta property=\"og:site_name\" content=\"ba\u00fal de techo hecha de GRP por Mobila\" \/>\n<meta property=\"article:modified_time\" content=\"2018-11-22T07:01:19+00:00\" \/>\n<meta name=\"twitter:label1\" content=\"Tiempo de lectura\" \/>\n\t<meta name=\"twitter:data1\" content=\"1 minuto\" \/>\n<script type=\"application\/ld+json\" class=\"yoast-schema-graph\">{\"@context\":\"https:\/\/schema.org\",\"@graph\":[{\"@type\":\"WebSite\",\"@id\":\"https:\/\/surfbox.de\/#website\",\"url\":\"https:\/\/surfbox.de\/\",\"name\":\"ba\\u00fal de techo hecha de GRP por Mobila\",\"description\":\"Mobila GmbH produces premium roof boxes skiboxes &amp; Surf boxes\",\"potentialAction\":[{\"@type\":\"SearchAction\",\"target\":{\"@type\":\"EntryPoint\",\"urlTemplate\":\"https:\/\/surfbox.de\/?s={search_term_string}\"},\"query-input\":\"required name=search_term_string\"}],\"inLanguage\":\"es\"},{\"@type\":\"WebPage\",\"@id\":\"https:\/\/surfbox.de\/es\/#webpage\",\"url\":\"https:\/\/surfbox.de\/es\/\",\"name\":\"Caja de techo Premium con 5 a\\u00f1os de garant\\u00eda\",\"isPartOf\":{\"@id\":\"https:\/\/surfbox.de\/#website\"},\"datePublished\":\"2014-02-02T20:34:13+00:00\",\"dateModified\":\"2018-11-22T07:01:19+00:00\",\"description\":\"Encuentra cajas de techo de alta calidad, el t\\u00fanel de viento a prueba y ahorro de consumo. Y m\\u00e1s para acampar, el agua y los deportes de invierno. Calidad desde 1989a\",\"breadcrumb\":{\"@id\":\"https:\/\/surfbox.de\/es\/#breadcrumb\"},\"inLanguage\":\"es\",\"potentialAction\":[{\"@type\":\"ReadAction\",\"target\":[\"https:\/\/surfbox.de\/es\/\"]}]},{\"@type\":\"BreadcrumbList\",\"@id\":\"https:\/\/surfbox.de\/es\/#breadcrumb\",\"itemListElement\":[{\"@type\":\"ListItem\",\"position\":1,\"name\":\"Home\",\"item\":\"https:\/\/surfbox.de\/es\/\"},{\"@type\":\"ListItem\",\"position\":2,\"name\":\"cajas de techo\"}]}]}<\/script>\n<!-- \/ Yoast SEO plugin. -->","yoast_head_json":{"title":"Caja de techo Premium con 5 a\u00f1os de garant\u00eda","description":"Encuentra cajas de techo de alta calidad, el t\u00fanel de viento a prueba y ahorro de consumo. Y m\u00e1s para acampar, el agua y los deportes de invierno. Calidad desde 1989a","robots":{"index":"index","follow":"follow","max-snippet":"max-snippet:-1","max-image-preview":"max-image-preview:large","max-video-preview":"max-video-preview:-1"},"canonical":"https:\/\/surfbox.de\/es\/","og_locale":"es_ES","og_type":"article","og_title":"Caja de techo Premium con 5 a\u00f1os de garant\u00eda","og_description":"Encuentra cajas de techo de alta calidad, el t\u00fanel de viento a prueba y ahorro de consumo. Y m\u00e1s para acampar, el agua y los deportes de invierno. Calidad desde 1989a","og_url":"https:\/\/surfbox.de\/es\/","og_site_name":"ba\u00fal de techo hecha de GRP por Mobila","article_modified_time":"2018-11-22T07:01:19+00:00","twitter_misc":{"Tiempo de lectura":"1 minuto"},"schema":{"@context":"https:\/\/schema.org","@graph":[{"@type":"WebSite","@id":"https:\/\/surfbox.de\/#website","url":"https:\/\/surfbox.de\/","name":"ba\u00fal de techo hecha de GRP por Mobila","description":"Mobila GmbH produces premium roof boxes skiboxes &amp; Surf boxes","potentialAction":[{"@type":"SearchAction","target":{"@type":"EntryPoint","urlTemplate":"https:\/\/surfbox.de\/?s={search_term_string}"},"query-input":"required name=search_term_string"}],"inLanguage":"es"},{"@type":"WebPage","@id":"https:\/\/surfbox.de\/es\/#webpage","url":"https:\/\/surfbox.de\/es\/","name":"Caja de techo Premium con 5 a\u00f1os de garant\u00eda","isPartOf":{"@id":"https:\/\/surfbox.de\/#website"},"datePublished":"2014-02-02T20:34:13+00:00","dateModified":"2018-11-22T07:01:19+00:00","description":"Encuentra cajas de techo de alta calidad, el t\u00fanel de viento a prueba y ahorro de consumo. Y m\u00e1s para acampar, el agua y los deportes de invierno. Calidad desde 1989a","breadcrumb":{"@id":"https:\/\/surfbox.de\/es\/#breadcrumb"},"inLanguage":"es","potentialAction":[{"@type":"ReadAction","target":["https:\/\/surfbox.de\/es\/"]}]},{"@type":"BreadcrumbList","@id":"https:\/\/surfbox.de\/es\/#breadcrumb","itemListElement":[{"@type":"ListItem","position":1,"name":"Home","item":"https:\/\/surfbox.de\/es\/"},{"@type":"ListItem","position":2,"name":"cajas de techo"}]}]}},"_links":{"self":[{"href":"https:\/\/surfbox.de\/es\/wp-json\/wp\/v2\/pages\/22417"}],"collection":[{"href":"https:\/\/surfbox.de\/es\/wp-json\/wp\/v2\/pages"}],"about":[{"href":"https:\/\/surfbox.de\/es\/wp-json\/wp\/v2\/types\/page"}],"author":[{"embeddable":true,"href":"https:\/\/surfbox.de\/es\/wp-json\/wp\/v2\/users\/1"}],"replies":[{"embeddable":true,"href":"https:\/\/surfbox.de\/es\/wp-json\/wp\/v2\/comments?post=22417"}],"version-history":[{"count":5,"href":"https:\/\/surfbox.de\/es\/wp-json\/wp\/v2\/pages\/22417\/revisions"}],"predecessor-version":[{"id":74120,"href":"https:\/\/surfbox.de\/es\/wp-json\/wp\/v2\/pages\/22417\/revisions\/74120"}],"wp:attachment":[{"href":"https:\/\/surfbox.de\/es\/wp-json\/wp\/v2\/media?parent=22417"}],"curies":[{"name":"wp","href":"https:\/\/api.w.org\/{rel}","templated":true}]}}